{"id":1069,"date":"2015-08-05T09:15:43","date_gmt":"2015-08-05T07:15:43","guid":{"rendered":"https:\/\/berndfischer.com\/?page_id=1069"},"modified":"2020-03-02T06:45:14","modified_gmt":"2020-03-02T05:45:14","slug":"the-book-to-the-work","status":"publish","type":"page","link":"https:\/\/berndfischer.com\/en\/independent-works\/people-18-portraits\/the-book-to-the-work\/","title":{"rendered":"The book to the work"},"content":{"rendered":"<p><span style=\"text-decoration: underline;\"><strong>Menschen.<\/strong><\/span><\/p>\n<p>They murdered, tortured, raped in service of the most diverse of ideologies. The multi media portrait series <strong><u>People.<\/u><\/strong> shows by way of the example of convicted human rights abusers just how quickly the boundary from good to evil can be crossed and how someone or something that appears friendly or benign may well be profoundly evil. A prompt towards critical thinking using artistic means.<\/p>\n<h1>Das Buch zum Werk<\/h1>\n<section class=\"full-width\"><a href=\"https:\/\/berndfischer.com\/wp-content\/uploads\/2015\/08\/Punktierungen-des-B\u00f6sen.jpg\"><img loading=\"lazy\" decoding=\"async\" class=\"alignleft wp-image-2105 size-medium\" src=\"https:\/\/berndfischer.com\/en\/wp-content\/uploads\/sites\/3\/2015\/08\/Punktierungen-des-B\u00f6sen-335x476.jpg\" alt=\"Punktierungen des B\u00f6sen. The book on the portrait series. \" width=\"335\" height=\"476\" srcset=\"https:\/\/berndfischer.com\/en\/wp-content\/uploads\/sites\/3\/2015\/08\/Punktierungen-des-B\u00f6sen-335x476.jpg 335w, https:\/\/berndfischer.com\/en\/wp-content\/uploads\/sites\/3\/2015\/08\/Punktierungen-des-B\u00f6sen.jpg 391w\" sizes=\"auto, (max-width: 335px) 100vw, 335px\" \/><\/a>Buchreihe: Imago<br \/>\nVerlag: Psychosozial-Verlag<br \/>\n149 Seiten, Broschur, 148 x 210 mm<br \/>\nISBN-13: 978-3-8379-2491-6<\/section>\n<p>&nbsp;<\/p>\n<h2>Punktierungen des B\u00f6sen<\/h2>\n<p>Das vorliegende Buch gibt mit seinen psychoanalytischen, strafrechtlichen, kunstwissenschaftlichen und theologisch-philosophischen Texten Impulse zur Auseinandersetzung mit dem B\u00f6sen. Gemeinsamer Ausgangspunkt ist das Kunstwerk <span style=\"text-decoration: underline;\">Menschen.<\/span> von Bernd Fischer. Der K\u00fcnstler konfrontiert den Betrachter mit 18 Portr\u00e4ts und den Biografien internationaler T\u00e4ter und T\u00e4terinnen aus dem 20. Jahrhundert, die Menschenrechtsverbrechen begangen haben und daf\u00fcr rechtskr\u00e4ftig verurteilt wurden. Indem es sich nicht auf bestimmte Gesellschaftsformen oder abgeschlossene geschichtliche Phasen beschr\u00e4nkt, sondern global argumentiert, er\u00f6ffnet dieses Werk neue Sinnfelder f\u00fcr die Betrachtung der Potenziale des Menschen.<\/p>\n<p>Die Beitr\u00e4ge der AutorInnen spitzen das Thema interdisziplin\u00e4r als \u00bbPunktierungen des B\u00f6sen\u00ab aus ihrer jeweiligen Perspektive zu und regen so zur Reflexion \u00fcber teils manifeste \u00bbWahrheiten\u00ab und Normen an, die mit dem B\u00f6sen einhergehen. Es ist ein Beispiel, wie ergebnisreich das Zusammenwirken von Kunst und Wissenschaft \u2013 je eigenst\u00e4ndig, doch sich verbindend und erg\u00e4nzend \u2013 in Terrain vordringen kann, das Emotionen und sachliches Urteil au\u00dferordentlich in Anspruch nimmt.<\/p>\n<p>Mit Beitr\u00e4gen von Ulrike Kuschel, Vasco Reuss, Werner Schneider-Quindeau, Stefan Soltek und Hans-J\u00fcrgen Wirth<\/p>\n<p><a href=\"http:\/\/www.psychosozial-verlag.de\/2491\" target=\"_blank\" rel=\"noopener noreferrer\">\u00bb Psychosozial-Verlag<\/a><\/p>\n<p>&nbsp;<\/p>\n<h2>Herausgeber<\/h2>\n<h3>Ulrike Kuschel<\/h3>\n<p>Vita siehe Autoren<\/p>\n<h3>Anna-Fee Neugebauer<\/h3>\n<p>studierte Musikwissenschaft, Germanistik, Anglistik sowie PR. Seit 2003 war sie im Kulturb\u00fcro der Stadt Offenbach am Main als Projektleiterin in den Bereichen Kunst, Kinder-\/Jugendkultur und Interkultur t\u00e4tig. Im Mai 2015 wechselte sie als Abteilungsleiterin ins Offenbacher Amt f\u00fcr Kultur- und Sportmanagement.<\/p>\n<h3>Karsten H. Petersen<\/h3>\n<p>studierte Evangelische Theologie sowie P\u00e4dagogik und arbeitete als Pfarrer in verschiedenen kirchlichen und diakonischen Arbeitsfeldern in Frankfurt am Main.<\/p>\n<p>&nbsp;<\/p>\n<h2>Autoren<\/h2>\n<h3>Ulrike Kuschel<\/h3>\n<p>studierte in Bonn und Berlin Kunstgeschichte, Musikwissenschaft\u00a0und P\u00e4dagogik, das Studium beendete sie mit einer Arbeit \u00fcber Rupprecht\u00a0Geiger. Sie befasst sich vor allem mit der Kunst des 20. und 21. Jahrhunderts\u00a0und arbeitete als Ausstellungskuratorin in verschiedenen kunst- und kulturhistorischen\u00a0Projekten (Einzelausstellungen u. a. mit Dorothy Iannone und Timm\u00a0Ulrichs, Gruppenausstellungen vor allem mit Berliner K\u00fcnstlern sowie Projekte\u00a0wie \u00bbK\u00fcnstler forschen nach Auschwitz\u00ab oder \u00bbExil\u00ab). In Berlin-Kreuzberg leitete\u00a0sie das Archiv des Kunstamts. Sie baute in Berlin das Roger Loewig Archiv\u00a0(u. a.Werkverzeichnis) und mit dem Roger Loewig Haus im brandenburgischen\u00a0Bad Belzig ein Museum f\u00fcr den K\u00fcnstler auf. Ulrike Kuschel, die \u00fcber zeitgen\u00f6ssische\u00a0Kunst und Roger Loewig publiziert hat, lebt in Offenbach am Main und\u00a0ist als freiberufliche Kunsthistorikerin, Kuratorin und Lektorin t\u00e4tig.<\/p>\n<h3>Vasco Reuss<\/h3>\n<p>lebt in Berlin. Er studierte Rechtswissenschaften und Soziologie an\u00a0der Goethe-Universit\u00e4t Frankfurt am Main. Dort promovierte er bei Klaus G\u00fcnther\u00a0\u00fcber Adornos Negative Dialektik und deren Bedeutung f\u00fcr das Recht. Nach\u00a0dem Referendariat in Berlin schrieb er im Frankfurter Exzellenzcluster \u00bb\u00dcber\u00a0die Herausbildung normativer Ordnungen\u00ab die 2012 erschienene Monografie\u00a0\u00fcber <em>Zivilcourage als Strafzweck des V\u00f6lkerstrafrechts<\/em>. Zurzeit habilitiert er sich\u00a0in Frankfurt am Main zum Thema der strafrechtlichen Zurechnung. Zudem ist\u00a0er als Strafverteidiger in Berlin t\u00e4tig. Zuletzt erschienen 2013 im Jahrbuch des\u00a0Fritz Bauer Instituts <em>R\u00fcckkehr in Feindesland? Fritz Bauer in der deutsch-j\u00fcdischen\u00a0Nachkriegsgeschichte<\/em> der Beitrag \u00bbIhr h\u00e4ttet Nein sagen m\u00fcssen \u2013 Fritz Bauers\u00a0Widerstandsgebot und das moderne V\u00f6lkerstrafrecht\u00ab und 2014 in dem von\u00a0Christoph Safferling und Stefan Kirsch herausgegebenen Band <em>V\u00f6lkerstrafrechtspolitik<\/em>\u00a0der gemeinsam mit Klaus G\u00fcnther verfasste Beitrag \u00bbLegitimation des\u00a0V\u00f6lkerstrafrechts in Deutschland \u2013 V\u00f6lkerstrafrecht als B\u00fcrgerstrafrecht\u00ab.<\/p>\n<h3>Stefan Soltek<\/h3>\n<p>Studium der Kunstgeschichte, Arch\u00e4ologie und Jura in Bonn\u00a0und K\u00f6ln. Promotion mit einer Arbeit \u00fcber den romanischen Taufstein in Freckenhorst.\u00a0Zahlreiche Volontariate in Museen in K\u00f6ln, London und New York.\u00a0Kurator der Linel-Sammlung f\u00fcr Buchkunst und Ornamentstich am Museum f\u00fcr\u00a0Angewandte Kunst Frankfurt am Main. Seit 2002 Leiter des Klingspor-Museums\u00a0in Offenbach am Main. Juror f\u00fcr die Stiftung Buchkunst, den evangelischen\u00a0Kirchentag (Plakat) und den Deutschen Designer Club DDC. Publikationen zu\u00a0K\u00fcnstlerbuch, Plakatgestaltung und Kunst des 20. Jahrhunderts.<\/p>\n<h3>Werner Schneider-Quindeau<\/h3>\n<p>Studium der Evangelischen Theologie und Philosophie\u00a0in Bielefeld\/Bethel und G\u00f6ttingen, 1975\u20131982 wissenschaftlicher Assistent\u00a0f\u00fcr Systematische Theologie in G\u00f6ttingen, 1984\u20131989 Gemeindepfarrer\u00a0in Walldorf, 1989\u20132000 Studienleiter am Theologischen Konvikt Frankfurt am\u00a0Main, 2000\u20132007 Pfarrer f\u00fcr gesellschaftliche Verantwortung der Evangelischen\u00a0Kirche Frankfurt am Main, seit 2007 Pfarrer f\u00fcr Stadtkirchenarbeit an der Katharinenkirche\u00a0Frankfurt am Main. Seit 1985 Mitarbeiter bei den \u00bbArnoldshainer\u00a0Filmgespr\u00e4chen\u00ab; seit 1987 Vorsitzender der Jury der Ev. Filmarbeit, die den\u00a0\u00bbFilm des Monats\u00ab nominiert; 1999\u20132003 Filmbeauftragter des Rates der EKD, 1999\u20132013 Vizepr\u00e4sident von INTERFILM. Ver\u00f6ffentlichungen zu Themen\u00a0der Sozialethik und zum Verh\u00e4ltnis von Film, Theologie und Kirche. 1993\u20131999\u00a0Vorsitzender des F\u00f6rderverein Fritz-Bauer-Institut, Studien- und Dokumentationszentrum\u00a0zur Auseinandersetzung mit dem Holocaust.<\/p>\n<h3>Hans-J\u00fcrgen Wirth<\/h3>\n<p>Prof. Dr. habil., Dipl.-Psych., ist Psychologischer Psychotherapeut\u00a0und Psychoanalytiker in eigener Praxis in Gie\u00dfen. Von 2004 bis 2009\u00a0arbeitete er als Professor f\u00fcr Psychoanalyse an der Universit\u00e4t Bremen, seit 2010\u00a0ist er Professor f\u00fcr psychoanalytische Sozialpsychologie an der Goethe-Universit\u00e4t\u00a0in Frankfurt am Main. Er ist Gr\u00fcnder und Verleger des Psychosozial-Verlages.\u00a0Wichtigste Buchpublikation: <em>Narzissmus und Macht. Zur Psychoanalyse seelischer\u00a0St\u00f6rungen in der Politik<\/em> (2002).<\/p>\n","protected":false},"excerpt":{"rendered":"<p>Menschen. They murdered, tortured, raped in service of the most diverse of ideologies. The multi media portrait series People. shows by way of the example of convicted human rights abusers &#8230;<\/p>\n","protected":false},"author":1,"featured_media":0,"parent":22,"menu_order":116,"comment_status":"closed","ping_status":"closed","template":"page-menschen.php","meta":{"_acf_changed":false,"footnotes":""},"class_list":["post-1069","page","type-page","status-publish","hentry"],"acf":[],"yoast_head":"<!-- This site is optimized with the Yoast SEO plugin v26.9 - https:\/\/yoast.com\/product\/yoast-seo-wordpress\/ -->\n<title>A prompt towards critical thinking using artistic means<\/title>\n<meta name=\"description\" content=\"Bernd Fischer. PEOPLE. shows by way of the example of convicted human rights abusers just how quickly the boundary from good to evil can be crossed.\" \/>\n<meta name=\"robots\" content=\"index, follow, max-snippet:-1, max-image-preview:large, max-video-preview:-1\" \/>\n<link rel=\"canonical\" href=\"https:\/\/berndfischer.com\/en\/independent-works\/people-18-portraits\/the-book-to-the-work\/\" \/>\n<meta property=\"og:locale\" content=\"en_GB\" \/>\n<meta property=\"og:type\" content=\"article\" \/>\n<meta property=\"og:title\" content=\"A prompt towards critical thinking using artistic means\" \/>\n<meta property=\"og:description\" content=\"Bernd Fischer. PEOPLE. shows by way of the example of convicted human rights abusers just how quickly the boundary from good to evil can be crossed.\" \/>\n<meta property=\"og:url\" content=\"https:\/\/berndfischer.com\/en\/independent-works\/people-18-portraits\/the-book-to-the-work\/\" \/>\n<meta property=\"og:site_name\" content=\"Bernd Fischer EN\" \/>\n<meta property=\"article:modified_time\" content=\"2020-03-02T05:45:14+00:00\" \/>\n<meta name=\"twitter:card\" content=\"summary_large_image\" \/>\n<meta name=\"twitter:label1\" content=\"Estimated reading time\" \/>\n\t<meta name=\"twitter:data1\" content=\"4 minutes\" \/>\n<script type=\"application\/ld+json\" class=\"yoast-schema-graph\">{\"@context\":\"https:\/\/schema.org\",\"@graph\":[{\"@type\":\"WebPage\",\"@id\":\"https:\/\/berndfischer.com\/en\/independent-works\/people-18-portraits\/the-book-to-the-work\/\",\"url\":\"https:\/\/berndfischer.com\/en\/independent-works\/people-18-portraits\/the-book-to-the-work\/\",\"name\":\"A prompt towards critical thinking using artistic means\",\"isPartOf\":{\"@id\":\"https:\/\/berndfischer.com\/en\/#website\"},\"datePublished\":\"2015-08-05T07:15:43+00:00\",\"dateModified\":\"2020-03-02T05:45:14+00:00\",\"description\":\"Bernd Fischer. PEOPLE. shows by way of the example of convicted human rights abusers just how quickly the boundary from good to evil can be crossed.\",\"breadcrumb\":{\"@id\":\"https:\/\/berndfischer.com\/en\/independent-works\/people-18-portraits\/the-book-to-the-work\/#breadcrumb\"},\"inLanguage\":\"en-GB\",\"potentialAction\":[{\"@type\":\"ReadAction\",\"target\":[\"https:\/\/berndfischer.com\/en\/independent-works\/people-18-portraits\/the-book-to-the-work\/\"]}]},{\"@type\":\"BreadcrumbList\",\"@id\":\"https:\/\/berndfischer.com\/en\/independent-works\/people-18-portraits\/the-book-to-the-work\/#breadcrumb\",\"itemListElement\":[{\"@type\":\"ListItem\",\"position\":1,\"name\":\"Home\",\"item\":\"https:\/\/berndfischer.com\/en\/\"},{\"@type\":\"ListItem\",\"position\":2,\"name\":\"Independent works\",\"item\":\"https:\/\/berndfischer.com\/en\/independent-works\/\"},{\"@type\":\"ListItem\",\"position\":3,\"name\":\"People, 18 Portraits\",\"item\":\"https:\/\/berndfischer.com\/en\/independent-works\/people-18-portraits\/\"},{\"@type\":\"ListItem\",\"position\":4,\"name\":\"The book to the work\"}]},{\"@type\":\"WebSite\",\"@id\":\"https:\/\/berndfischer.com\/en\/#website\",\"url\":\"https:\/\/berndfischer.com\/en\/\",\"name\":\"Bernd Fischer EN\",\"description\":\"Painted and printed colour\",\"potentialAction\":[{\"@type\":\"SearchAction\",\"target\":{\"@type\":\"EntryPoint\",\"urlTemplate\":\"https:\/\/berndfischer.com\/en\/?s={search_term_string}\"},\"query-input\":{\"@type\":\"PropertyValueSpecification\",\"valueRequired\":true,\"valueName\":\"search_term_string\"}}],\"inLanguage\":\"en-GB\"}]}<\/script>\n<!-- \/ Yoast SEO plugin. -->","yoast_head_json":{"title":"A prompt towards critical thinking using artistic means","description":"Bernd Fischer. PEOPLE. shows by way of the example of convicted human rights abusers just how quickly the boundary from good to evil can be crossed.","robots":{"index":"index","follow":"follow","max-snippet":"max-snippet:-1","max-image-preview":"max-image-preview:large","max-video-preview":"max-video-preview:-1"},"canonical":"https:\/\/berndfischer.com\/en\/independent-works\/people-18-portraits\/the-book-to-the-work\/","og_locale":"en_GB","og_type":"article","og_title":"A prompt towards critical thinking using artistic means","og_description":"Bernd Fischer. PEOPLE. shows by way of the example of convicted human rights abusers just how quickly the boundary from good to evil can be crossed.","og_url":"https:\/\/berndfischer.com\/en\/independent-works\/people-18-portraits\/the-book-to-the-work\/","og_site_name":"Bernd Fischer EN","article_modified_time":"2020-03-02T05:45:14+00:00","twitter_card":"summary_large_image","twitter_misc":{"Estimated reading time":"4 minutes"},"schema":{"@context":"https:\/\/schema.org","@graph":[{"@type":"WebPage","@id":"https:\/\/berndfischer.com\/en\/independent-works\/people-18-portraits\/the-book-to-the-work\/","url":"https:\/\/berndfischer.com\/en\/independent-works\/people-18-portraits\/the-book-to-the-work\/","name":"A prompt towards critical thinking using artistic means","isPartOf":{"@id":"https:\/\/berndfischer.com\/en\/#website"},"datePublished":"2015-08-05T07:15:43+00:00","dateModified":"2020-03-02T05:45:14+00:00","description":"Bernd Fischer. PEOPLE. shows by way of the example of convicted human rights abusers just how quickly the boundary from good to evil can be crossed.","breadcrumb":{"@id":"https:\/\/berndfischer.com\/en\/independent-works\/people-18-portraits\/the-book-to-the-work\/#breadcrumb"},"inLanguage":"en-GB","potentialAction":[{"@type":"ReadAction","target":["https:\/\/berndfischer.com\/en\/independent-works\/people-18-portraits\/the-book-to-the-work\/"]}]},{"@type":"BreadcrumbList","@id":"https:\/\/berndfischer.com\/en\/independent-works\/people-18-portraits\/the-book-to-the-work\/#breadcrumb","itemListElement":[{"@type":"ListItem","position":1,"name":"Home","item":"https:\/\/berndfischer.com\/en\/"},{"@type":"ListItem","position":2,"name":"Independent works","item":"https:\/\/berndfischer.com\/en\/independent-works\/"},{"@type":"ListItem","position":3,"name":"People, 18 Portraits","item":"https:\/\/berndfischer.com\/en\/independent-works\/people-18-portraits\/"},{"@type":"ListItem","position":4,"name":"The book to the work"}]},{"@type":"WebSite","@id":"https:\/\/berndfischer.com\/en\/#website","url":"https:\/\/berndfischer.com\/en\/","name":"Bernd Fischer EN","description":"Painted and printed colour","potentialAction":[{"@type":"SearchAction","target":{"@type":"EntryPoint","urlTemplate":"https:\/\/berndfischer.com\/en\/?s={search_term_string}"},"query-input":{"@type":"PropertyValueSpecification","valueRequired":true,"valueName":"search_term_string"}}],"inLanguage":"en-GB"}]}},"_links":{"self":[{"href":"https:\/\/berndfischer.com\/en\/wp-json\/wp\/v2\/pages\/1069","targetHints":{"allow":["GET"]}}],"collection":[{"href":"https:\/\/berndfischer.com\/en\/wp-json\/wp\/v2\/pages"}],"about":[{"href":"https:\/\/berndfischer.com\/en\/wp-json\/wp\/v2\/types\/page"}],"author":[{"embeddable":true,"href":"https:\/\/berndfischer.com\/en\/wp-json\/wp\/v2\/users\/1"}],"replies":[{"embeddable":true,"href":"https:\/\/berndfischer.com\/en\/wp-json\/wp\/v2\/comments?post=1069"}],"version-history":[{"count":4,"href":"https:\/\/berndfischer.com\/en\/wp-json\/wp\/v2\/pages\/1069\/revisions"}],"predecessor-version":[{"id":5517,"href":"https:\/\/berndfischer.com\/en\/wp-json\/wp\/v2\/pages\/1069\/revisions\/5517"}],"up":[{"embeddable":true,"href":"https:\/\/berndfischer.com\/en\/wp-json\/wp\/v2\/pages\/22"}],"wp:attachment":[{"href":"https:\/\/berndfischer.com\/en\/wp-json\/wp\/v2\/media?parent=1069"}],"curies":[{"name":"wp","href":"https:\/\/api.w.org\/{rel}","templated":true}]}}