{"id":3264,"date":"2015-08-27T16:22:12","date_gmt":"2015-08-27T14:22:12","guid":{"rendered":"https:\/\/berndfischer.com\/?page_id=3264"},"modified":"2017-11-30T18:47:38","modified_gmt":"2017-11-30T17:47:38","slug":"biographic-notes-italian","status":"publish","type":"page","link":"https:\/\/berndfischer.com\/en\/independent-works\/people-18-portraits\/biographic-notes-italian\/","title":{"rendered":"Biographic notes italian"},"content":{"rendered":"<p><span style=\"text-decoration: underline;\"><strong>Persone.<\/strong><\/span><\/p>\n<p>\u00e8 una serie di ritratti di 18 persone, rappresentate per mezzo di immagini e testi. Tutti gli individui ritratti sono accomunati dall\u2019essere stati condannati per crimini contro l\u2019umanit\u00e0.<\/p>\n<p>La serie di ritratti si compone di:<br \/>\nDipinti su tavola, tra cui pezzi unici ed edizioni limitate.<\/p>\n<p>. Le opere si basano su immagini fotografiche scaricate da internet e sono state realizzate utilizzando la tecnica della stampa serigrafica e la pittura con colori acrilici. I supporti sono costituiti da pannelli di compensato di pioppo, ciascuno di formato 19,5 x 26 cm. I dipinti su tavola sono tutti pezzi unici. In un passo successivo sono state realizzate stampe digitali delle singole opere, di formato pi\u00f9 grande.<\/p>\n<p>.. Sono state redatte delle note biografiche sui singoli individui e un\u2018appendice con l\u2019elenco dei crimini commessi, dei processi, delle sentenze, ecc. Questo testo, originariamente scritto in lingua tedesca, \u00e8 stato tradotto in varie lingue.<\/p>\n<p>&#8230; Le note biografiche sono state narrate in varie lingue da voci differenti, registrate digitalmente.<\/p>\n<p><a href=\"https:\/\/berndfischer.com\/wp-content\/uploads\/2015\/08\/Bernd-Fischer_18-Menschen-Reihe1-Miniaturen.jpg\"><img loading=\"lazy\" decoding=\"async\" class=\"alignleft wp-image-2103\" src=\"https:\/\/berndfischer.com\/wp-content\/uploads\/2015\/08\/Bernd-Fischer_18-Menschen-Reihe1-Miniaturen-700x456.jpg\" alt=\"Bernd Fischer, 18 Menschen Reihe 1\" width=\"700\" height=\"456\" srcset=\"https:\/\/berndfischer.com\/en\/wp-content\/uploads\/sites\/3\/2015\/08\/Bernd-Fischer_18-Menschen-Reihe1-Miniaturen-700x456.jpg 700w, https:\/\/berndfischer.com\/en\/wp-content\/uploads\/sites\/3\/2015\/08\/Bernd-Fischer_18-Menschen-Reihe1-Miniaturen-335x218.jpg 335w, https:\/\/berndfischer.com\/en\/wp-content\/uploads\/sites\/3\/2015\/08\/Bernd-Fischer_18-Menschen-Reihe1-Miniaturen.jpg 1200w\" sizes=\"auto, (max-width: 700px) 100vw, 700px\" \/><\/a><\/p>\n<h2>Note biografiche<\/h2>\n<p><strong>Esempi audio<\/strong><\/p>\n<div class=\"wp-playlist wp-audio-playlist wp-playlist-light\">\n\t\t\t<div class=\"wp-playlist-current-item\"><\/div>\n\t\t<audio controls=\"controls\" preload=\"none\" width=\"678\"\n\t\t\t><\/audio>\n\t<div class=\"wp-playlist-next\"><\/div>\n\t<div class=\"wp-playlist-prev\"><\/div>\n\t<noscript>\n\t<ol>\n\t\t<li><a href='https:\/\/berndfischer.com\/en\/wp-content\/uploads\/sites\/3\/2015\/08\/03_Note_biografiche_Elettra_de_Salvo.mp3'>Commissario del popolo, capo della sicurezza di stato e dei servizi segreti, condannato all\u2019ergastolo nel 1995, morto in carcere<\/a><\/li><li><a href='https:\/\/berndfischer.com\/en\/wp-content\/uploads\/sites\/3\/2015\/08\/11_Note_biografiche_Elettra_de_Salvo.mp3'>Capo di partito, sindaco, condannato all\u2019ergastolo nel 1998, attualmente vive in carcere (settembre 2011)<\/a><\/li><li><a href='https:\/\/berndfischer.com\/en\/wp-content\/uploads\/sites\/3\/2015\/08\/15_Note_biografiche_Elettra_de_Salvo.mp3'>Guardia carceraria, agente di polizia militare, \u00e8 stato condannato a 10 anni di reclusione nel 2005 e congedato con disonore dall\u2019esercito, attualmente vive in carcere (estate 2010)<\/a><\/li>\t<\/ol>\n\t<\/noscript>\n\t<script type=\"application\/json\" class=\"wp-playlist-script\">{\"type\":\"audio\",\"tracklist\":true,\"tracknumbers\":true,\"images\":false,\"artists\":false,\"tracks\":[{\"src\":\"https:\/\/berndfischer.com\/en\/wp-content\/uploads\/sites\/3\/2015\/08\/03_Note_biografiche_Elettra_de_Salvo.mp3\",\"type\":\"audio\/mpeg\",\"title\":\"Commissario del popolo, capo della sicurezza di stato e dei servizi segreti, condannato all\\u2019ergastolo nel 1995, morto in carcere\",\"caption\":\"Commissario del popolo, capo della sicurezza di stato e dei servizi segreti\",\"description\":\"\\\"03_Note_biografiche_Elettra_de_Salvo\\\" aus Persone. italiano.\",\"meta\":[],\"image\":{\"src\":\"https:\/\/berndfischer.com\/en\/wp-content\/uploads\/sites\/3\/2015\/08\/15_Note_biografiche_Elettra_de_Salvo-mp3-image.jpg\",\"width\":400,\"height\":400},\"thumb\":{\"src\":\"https:\/\/berndfischer.com\/en\/wp-content\/uploads\/sites\/3\/2015\/08\/15_Note_biografiche_Elettra_de_Salvo-mp3-image-100x100.jpg\",\"width\":100,\"height\":100}},{\"src\":\"https:\/\/berndfischer.com\/en\/wp-content\/uploads\/sites\/3\/2015\/08\/11_Note_biografiche_Elettra_de_Salvo.mp3\",\"type\":\"audio\/mpeg\",\"title\":\"Capo di partito, sindaco, condannato all\\u2019ergastolo nel 1998, attualmente vive in carcere (settembre 2011)\",\"caption\":\"Capo di partito, sindaco\",\"description\":\"\\\"11_Note_biografiche_Elettra_de_Salvo\\\" aus Persone. italiano.\",\"meta\":[],\"image\":{\"src\":\"https:\/\/berndfischer.com\/en\/wp-content\/uploads\/sites\/3\/2015\/08\/15_Note_biografiche_Elettra_de_Salvo-mp3-image.jpg\",\"width\":400,\"height\":400},\"thumb\":{\"src\":\"https:\/\/berndfischer.com\/en\/wp-content\/uploads\/sites\/3\/2015\/08\/15_Note_biografiche_Elettra_de_Salvo-mp3-image-100x100.jpg\",\"width\":100,\"height\":100}},{\"src\":\"https:\/\/berndfischer.com\/en\/wp-content\/uploads\/sites\/3\/2015\/08\/15_Note_biografiche_Elettra_de_Salvo.mp3\",\"type\":\"audio\/mpeg\",\"title\":\"Guardia carceraria, agente di polizia militare, \\u00e8 stato condannato a 10 anni di reclusione nel 2005 e congedato con disonore dall\\u2019esercito, attualmente vive in carcere (estate 2010)\",\"caption\":\"Guardia carceraria, agente di polizia militare\",\"description\":\"\\\"15_Note_biografiche_Elettra_de_Salvo\\\" aus Persone. italiano.\",\"meta\":[],\"image\":{\"src\":\"https:\/\/berndfischer.com\/en\/wp-content\/uploads\/sites\/3\/2015\/08\/15_Note_biografiche_Elettra_de_Salvo-mp3-image.jpg\",\"width\":400,\"height\":400},\"thumb\":{\"src\":\"https:\/\/berndfischer.com\/en\/wp-content\/uploads\/sites\/3\/2015\/08\/15_Note_biografiche_Elettra_de_Salvo-mp3-image-100x100.jpg\",\"width\":100,\"height\":100}}]}<\/script>\n<\/div>\n\t\n<div class=\"omsc-accordion\"><br \/>\n<div class=\"omsc-toggle\"><div class=\"omsc-toggle-title\">Note biografiche (estratto)<\/div><div class=\"omsc-toggle-inner\"><br \/>\n<strong>Nato nel 1908, luogo di nascita non accertabile<\/strong><br \/>\nAll\u2019et\u00e0 di 32 anni fu nominato commissario del popolo per gli Affari interni della Lettonia sovietica.\u00a0Tra il 1940 e il 1953 \u00e8 stato commissario del popolo e ha condotto numerose deportazioni in qualit\u00e0 di\u00a0capo della sicurezza di stato e della NKVD (il predecessore del KGB). Sembra che soltanto durante\u00a0l\u2019anno 1949 avesse ordinato personalmente 41.544 deportazioni. Per questo gli fu assegnata\u00a0un\u2019onorificenza militare, la \u201cMedaglia della Bandiera Rossa\u201d.\u00a0Negli anni \u201850 smise di lavorare. Visse indisturbato fino al suo arresto a Riga nel 1994.<br \/>\nNel 1993 fu accusato dalla Corte Distrettuale di Riga di genocidio, di crimini contro l\u2019umanit\u00e0, di aver\u00a0ordinato l\u2019esecuzione di prigionieri politici, di aver partecipato attivamente ad atti di tortura, a\u00a0sequestri e ad altri crimini e condannato all\u2019ergastolo nel dicembre del 1995. Mor\u00ec in prigione a tre mesi\u00a0dalla pronuncia della sentenza.<br \/>\nDurante il processo ammise le sue responsabilit\u00e0 per le deportazioni, ma solo perch\u00e9 aveva agito\u00a0eseguendo degli ordini.<\/p>\n<p><strong>Nato nel 1955, luogo di nascita non accertabile<\/strong><br \/>\nL\u2019uomo sposato e padre di cinque figli inizi\u00f2 la sua attivit\u00e0 politica nel 1991 in Ruanda. Fu presidente\u00a0di una sezione locale del Mouvement D\u00e9mocratique R\u00e9publicain (MDR, Movimento Democratico\u00a0Repubblicano) e dal 1993 fino alla sua fuga nel 1994, fu sindaco di Taba.\u00a0Dopo il suo arresto a Lusaka il 10 ottobre 1995, il 15 maggio 1996 fu condotto nel centro di detenzione\u00a0delle Nazioni Unite ad Arusha.\u00a0Il 2 ottobre 1998 fu condannato all\u2019ergastolo perch\u00e9 attivamente implicato nel genocidio e in qualit\u00e0 di\u00a0direttore responsabile del Tribunale Penale Internazionale per il Ruanda (International Criminal\u00a0Tribunal for Rwanda, ICTR) per istigazione pubblica al genocidio e per genocidio, sterminio,\u00a0omicidio, tortura, stupro e altri atti inumani.\u00a0Il 9 dicembre 2001 fu trasferito in carcere in Mali.<\/p>\n<p><strong>Nato nel 1968 a Pittsburgh<\/strong><br \/>\nFu un membro molto fedele e attivo di una chiesa evangelicale a Union Town, in Pennsylvania.\u00a0Gi\u00e0 nella vita civile lavor\u00f2 come guardia carceraria. Il 23enne ricopr\u00ec la stessa posizione anche da\u00a0militare in Iraq.\u00a0Il suo coinvolgimento in abusi e torture dei prigionieri \u00e8 documentato da numerose fotografie.\u00a0Fu accusato, fra l\u2019altro, di cospirazione per abuso di detenuti, aggressione e abusi sessuali su\u00a0prigionieri nel carcere di Abu Ghraib e nel 2005 fu dichiarato colpevole da un tribunale militare a\u00a0Fort Hood in nove su dieci punti dell\u2019accusa. Il tribunale lo condann\u00f2 a una pena di dieci anni di\u00a0carcere e ordin\u00f2 il suo congedo disonorevole dall\u2019esercito.\u00a0Appena dopo il processo cerc\u00f2 di giustificare le proprie azioni. Ammise di sapere che come cristiano\u00a0il suo comportamento era stato sbagliato, ma come soldato riteneva di aver dovuto obbedire ed\u00a0eseguire gli ordini dei suoi superiori incondizionatamente. Tuttavia, non fu in grado di fornire le\u00a0prove per aver ricevuto questo tipo di ordini.<br \/>\n<\/div><\/div><br \/>\n<div class=\"omsc-toggle\"><div class=\"omsc-toggle-title\">Appendice<\/div><div class=\"omsc-toggle-inner\"><br \/>\n<strong> \u00b7 Crimini commessi<\/strong><br \/>\n<strong> \u00b7 Le istanze dell\u2019accusa, dei processi<\/strong><br \/>\n<strong> \u00b7 Gradi delle pene<\/strong><br \/>\n<strong> \u00b7 Responsabilit\u00e0 dei colpevoli<\/strong><br \/>\n<strong> \u00b7 Grado d\u2019istruzione, ideologia, religione, nazionalit\u00e0, sesso ed et\u00e0 dei colpevoli<\/strong><br \/>\n<strong> \u00b7 Sistemi economici e potenza economica degli stati implicati nei crimini commessi<\/strong><\/p>\n<h3>Crimini commessi<\/h3>\n<p>Generalmente gli atti furono commessi nella consapevolezza delle diverse prospettive ideologiche,\u00a0razziste e religiose. Non sono stati commessi (almeno in superficie) allo scopo di un tornaconto\u00a0individuale.<\/p>\n<p>Elenco dei reati sui quali si basano le accuse:<br \/>\nCrimini contro l\u2019umanit\u00e0, crudelt\u00e0, tortura, stupro, stupro come forma di genocidio, comportamenti\u00a0indecenti, maltrattamenti, procedure mediche ed esperimenti criminosi, uccisioni, esecuzioni,\u00a0genocidi, omicidi, deportazioni, espulsioni, rapimenti, sequestri, arresti arbitrari, detenzioni arbitrarie,\u00a0condizioni di vita disumane, lavoro forzato, appartenenza a organizzazioni criminali<\/p>\n<h3>Le seguenti istanze emisero mandati di cattura e\/o emanarono le sentenze sopraccitate *:<\/h3>\n<p>In riferimento a: Nato il 23 novembre 1897 a L\u2018Aia<br \/>\nArresto:<br \/>\nEsercito britannico, 1945<br \/>\nProcesso:<br \/>\nProcesso di Norimberga,<br \/>\nTribunale Militare degli Stati Uniti, 1947<\/p>\n<p>In riferimento a: Nato nel 1908, luogo di nascita non accertabile<br \/>\nMandato di cattura\/accusa:<br \/>\nIstanza tribunale o corte non accertabile, 1993<br \/>\nProcesso:<br \/>\nTribunale distrettuale di Riga, 1995<\/p>\n<p>In riferimento a: Nato il 11 dicembre 1911 ad Engershausen<br \/>\n1. Autodenuncia:<br \/>\nPubblico ministero di Bielefeld, 1952<br \/>\n1. Processo:<br \/>\nGermania, corte non accertabile,<br \/>\nanno non accertabile<br \/>\n2. Mandato di cattura\/accusa:<br \/>\nCorte distrettuale di Francoforte, 1963<br \/>\n2. Processo:<br \/>\nCorte d\u2019Assise, Francoforte \u2013 1. Processo di Auschwitz a Francoforte,1963-1965<br \/>\n3. Mandato di cattura\/accusa:<br \/>\nGermania, istanza tribunale o corte non accertabile, anno non accertabile<br \/>\n3. Processo:<br \/>\nCorte distrettuale di Bielefeld, 1989<\/p>\n<p>In riferimento a: Nato il 10 gennaio 1912 in M\u00fcnzkirchen<br \/>\nArresto\/accusa:<br \/>\nEsercito degli Stati Uniti, 1945, Pubblico ministero per il Tribunale distrettuale di Cracovia, Instytut<br \/>\nPamieci Narodowej, IPN a Katowice<br \/>\nProcesso:<br \/>\nCorte di Giustizia di Cracovia, Polonia \u2013<br \/>\nProcesso di Auschwitz di Cracovia, 1947<\/p>\n<p>In riferimento a: Nato il 25 ottobre 1913 a Bad Godesberg<br \/>\n1., 2. e 3. mandato di cattura\/accusa:<br \/>\nFrancia, istanza tribunale o corte non accertabile, anno non accertabile<br \/>\n1., 2, e 3. processo\/sentenza:<br \/>\nTribunale militare di Lione, 1947, 1952 e 1954<br \/>\n2. Mandato di cattura\/accusa:<br \/>\nFrancia, istanza tribunale non accertabile, 1982<br \/>\n3. Processo:<br \/>\nCorte d\u2019Assise del dipartimento del Rodano, 1987<\/p>\n<p>In riferimento a: Nato (probabilmente) il 19 maggio 1928<br \/>\nnella provincia di Kompong Thom<br \/>\nEsautorazione\/accusa:<br \/>\nKhmer Rossi (Ta Mok), 1997<br \/>\nProcesso\/sentenza:<br \/>\nTribunale del popolo, 1997<\/p>\n<p>In riferimento a: Nato il 7 luglio 1930 a Tuzla<br \/>\nAccusa:<br \/>\nTribunale Penale Internazionale per l\u2018ex-Iugoslavia (ICTY), 2000<br \/>\nProcesso\/sentenza:<br \/>\nTribunale Penale Internazionale per l\u2018ex-Iugoslavia (ICTY), 2001<\/p>\n<p>In riferimento a: Nato il 17 novembre 1942 a Kompong Chen<br \/>\n1. Accusa e arresto:<br \/>\nTribunale Militare Cambogiano, polizia cambogiana, 1999<br \/>\n2. Accusa:<br \/>\nCamere Straordinarie per la Cambogia, 2008<br \/>\nProcesso\/sentenza:<br \/>\nCamere Straordinarie per la Cambogia, 2010<\/p>\n<p>In riferimento a: Nato il 17 novembre 1950,<br \/>\nluogo di nascita non accertabile<br \/>\n1. Mandato di cattura\/accusa:<br \/>\nFrancia, istanza tribunale o corte non accertabile,<br \/>\n1985<br \/>\n1. Processo\/sentenza:<br \/>\nTribunale federale di Buenos Aires, 1987 (a causa dell\u2019atto d\u2019accusa 1)<br \/>\n2. Processo:<br \/>\nGiuria di Parigi, 1990 (in relazione all\u2019atto d\u2019accusa 1)<br \/>\n2. Mandato di cattura\/accusa:<br \/>\nMandato di arresto internazionale dall\u2019Italia\/<br \/>\nCorte di Cassazione di Roma, 2001<br \/>\n3. Processo\/ sentenza:<br \/>\nItalia, istanza tribunale o corte non accertabile, 2007<br \/>\n3. Mandato di cattura:<br \/>\nMandato di cattura internazionale dalla Svezia\/<br \/>\ngiudice Djuberg, 2001<br \/>\n4. Mandato di cattura\/accusa:<br \/>\nArgentina, istanza non accertabile, 2003<br \/>\n5. Mandato di cattura\/accusa:<br \/>\nArgentina, istanza tribunale o corte non accertabile, 2003<br \/>\n4. Processo\/sentenza:<br \/>\nArgentina, istanza tribunale non accertabile, 2009<\/p>\n<p>In riferimento a: Nato nel 1955, luogo di nascita non accertabile<br \/>\nAccusa\/arresto:<br \/>\nTribunale Penale Internazionale per il Ruanda,<br \/>\nICTR, 1995<br \/>\nProcesso\/sentenza:<br \/>\nTribunale Penale Internazionale per il Ruanda,<br \/>\nICTR, 1998\/2001<\/p>\n<p>In riferimento a: Nato il 1. ottobre 1955 a Kozarac<br \/>\nAccusa\/arresto:<br \/>\nTribunale Penale Internazionale per l\u2018ex-Iugoslavia (ICTY), 1994<br \/>\nProcesso\/sentenza:<br \/>\nTribunale Penale Internazionale per l\u2018ex-Iugoslavia (ICTY), 2002<\/p>\n<p>In riferimento a: Nato l\u20198 maggio 1957,<br \/>\nluogo di nascita non accertabile<br \/>\nAccusa\/arresto:<br \/>\nUS Drug Enforcement Administration<br \/>\n1. Processo:<br \/>\nCorte Suprema de Justicia de Honduras, 1997<br \/>\n2. Accusa:<br \/>\nGiustizia di Haiti, 1996<br \/>\n2. Processo:<br \/>\nTribunale haitiano in prima istanza, 2000<\/p>\n<p>In riferimento a: Nato il 15. agosto 1958 a Gitarama<br \/>\nAccusa:<br \/>\nGiustizia del Belgio, 1996<br \/>\nProcesso:<br \/>\nCorte d\u2019Assise di Bruxelles, 2001<\/p>\n<p>In riferimento a: Nato nel 1968 a Pittsburgh<br \/>\nAccusa:<br \/>\nGiustizia Militare degli Stati Uniti, 2005<br \/>\nProcesso:<br \/>\nTribunale Militare degli Stati Uniti a Fort Hood, 2005<\/p>\n<p>In riferimento a: Nato il 4 gennaio 1978 a Lorton<br \/>\nAccusa:<br \/>\nGiustizia militare degli Stati Uniti, 2005<br \/>\nProcesso:<br \/>\nTribunale Militare degli Stati Uniti a Fort Hood, 2005<\/p>\n<p>In riferimento a: Nato l\u20198 novembre ad Ashland<br \/>\nAccusa:<br \/>\nGiustizia militare degli Stati Uniti, 2004<br \/>\nProcesso:<br \/>\nTribunale militare degli Stati Uniti a Fort Bragg, 2005<\/p>\n<p>In riferimento a: Anno e luogo di nascita non accertabili<br \/>\n1. Processo:<br \/>\nAlta Corte Penale Irachena (Iraqi High Tribunal)\/<br \/>\nProcesso Dujail, 2006<br \/>\n2. Processo:<br \/>\nAlta Corte Penale Irachena (Iraqi High Tribunal)\/<br \/>\nProcesso Anfal, 2007<\/p>\n<p>In riferimento a: Anno e luogo di nascita non accertabili<br \/>\n1. Accusa\/mandato di cattura:<br \/>\nTerza Corte Penale di Santiago, 1994<br \/>\n1. Processo:<br \/>\nTerza Corte Penale di Santiago, 1998<br \/>\nAltri processi:<br \/>\nCile, istanze tribunali e corti non accertabili,<br \/>\ndal 1999 a oggi (2010)<\/p>\n<p><em>* Le date indicano l\u2019anno di arresto, dell\u2019accusa, o della condanna.<\/em><\/p>\n<h3>Gradi delle pene *<\/h3>\n<p>5 condanne a morte<br \/>\n<em>Una sentenza non \u00e8 stata eseguita a causa del rifiuto\u00a0<\/em><em>dell\u2019estradizione.Una seconda sentenza \u00e8 stata sospesa fino ad oggi\/ viene attualmente scontata sotto forma di pena<\/em><br \/>\n<em> detentiva (ottobre 2010).<\/em><\/p>\n<p>5 condanne al carcere a vita<br \/>\n<em>Una sentenza non \u00e8 stata eseguita a causa del rifiuto\u00a0<\/em><em>dell\u2019estradizione.<\/em><br \/>\n3 condannati sono morti in prigione.<br \/>\n1 condanna ai lavori forzati a vita<br \/>\n<em>La sentenza non \u00e8 stata eseguita a causa del rifiuto\u00a0<\/em><em>dell\u2019estradizione.<\/em><\/p>\n<p>Una sentenza al rimborso di danni per un ammontare\u00a0di circa 43 miliardi di dollari<br \/>\n<em>La sentenza non \u00e8 stata eseguita a causa del rifiuto dell\u2019estradizione.<\/em><\/p>\n<p>20 sentenze di pene detentive limitate nel tempo **<br \/>\n<em>Pena massima in un caso: 30 anni<\/em><br \/>\n<em> Pena massima per un individuo: 77 anni, di cui 7 anni in libert\u00e0 vigilata<\/em><br \/>\n<em> Pena minima: 6 mesi<\/em><br \/>\n<em> Un\u2018esenzione dalla pena (Repubblica Federale Tedesca, Legge di amnistia del 1954)<\/em><\/p>\n<p>La somma delle pene detentive corrisponde in totale ad anni 182,5.<\/p>\n<p><em>* Le prigionie di guerra non sono state considerate, le sentenze multiple sono state enumerate e non sommate come\u00a0un\u2019unica sentenza.<\/em><br \/>\n<em> ** I processi d\u2019appello non sono stati considerati, in un caso seguiranno altri processi.<\/em><\/p>\n<h3>Responsabilit\u00e0 degli individui ritenuti colpevoli<\/h3>\n<p>Responsabili politici (ad esempio un capo di regime, un sindaco), amministrativi (ad esempio il comandante aggiunto\u00a0di un campo di concentramento, un direttore di prigione), dei servizi segreti (ad esempio un capo, un colonnello),\u00a0militari (ad esempio un luogotenente di fregata, un vice-direttore delle operazioni, un agente della polizia militare), delle\u00a0forze di polizia (ad esempio un capo della polizia di stato), carcerari (ad esempio il direttore di un carcere),\u00a0ecclesiastici (ad esempio una badessa), delle forze dell\u2019ordine (ad esempio un guardiano di un campo di\u00a0concentramento)<\/p>\n<h3>Istruzione, ideologia, religione, nazionalit\u00e0, sesso ed et\u00e0 degli individui ritenuti colpevoli<\/h3>\n<p>Per quanto noto, le persone ritratte hanno ricevuto diversi tipi di formazione di tipo classico. Sono\u00a0riscontrabili, ad esempio, un\u2019ostilit\u00e0 verso ogni forma di educazione (ad esempio per quanto riguarda\u00a0l\u2019individuo nato probabilmente il 19 maggio 1928 nella provincia di Kompong Thom), l\u2019appartenenza a una \u00e9lite\u00a0istruita (ad esempio per quanto riguarda l\u2019individuo nato il 23 novembre 1897 a L\u2018Aia e il 7 luglio 1930 a Tuzla), o un\u00a0\u201eritardo mentale\u201c della persona ritenuta colpevole, come descritto dai testimoni al processo (ad esempio\u00a0per quanto riguarda la donna nata l\u20198 novembre 1982 ad Ashland).<\/p>\n<h3>Allo tempo stesso, sono diverse anche le idee politiche e religiose.<\/h3>\n<p>Troviamo ideologie nazionalsocialiste (ad esempio per quanto riguarda gli individui nati il 23 novembre 1897 a L\u2019Aia,\u00a0l\u201911 dicembre 1911 a Engershausen, il 10 gennaio 1912 a M\u00fcnzkirchen e il 25 ottobre 1913 a Bad Godesberg), nazionaliste (ad\u00a0esempio per quanto riguarda i nati il 7 luglio 1930 a Tuzla e il primo ottobre 1955 a Kozarac), bolsceviche (ad esempio il nato\u00a0nel 1908, luogo di nascita non determinabile), maoiste (ad esempio i nati probabilmente il 19 maggio 1928 nella provincia di\u00a0Kompong Thom e il 17 novembre 1942 a Kompong Chen), democratiche (ad esempio i nati nel 1968 a Pittsburgh, il 5\u00a0gennaio 1978 a Lorton e l\u20198 novembre 1982 ad Ashland).<br \/>\nI credi religiosi documentati sono cristiani (ad esempio per quanto riguarda i nati il 17 novembre 1942 a Kompong\u00a0Chen, il 15 agosto 1958 a Gitarama e nel 1968 a Pittsburgh), e buddisti (anche se al momento del delitto non era pi\u00f9 un\u00a0religioso, ci\u00f2 vale ad esempio per l\u2019individuo nato presumibilmente il 19 maggio 1928 nella provincia di Kompong Thom).\u00a0Molto probabilmente l\u2019iracheno descritto \u00e8 di fede islamica (anno di nascita e luogo non accertabili). \u00c8\u00a0probabile che vi siano anche degli atei o individui con spiritualit\u00e0 di vario genere.<br \/>\nLe persone selezionate rappresentano un gruppo di individui provenienti da tutto il mondo,\u00a0socializzati in vario modo. Essi provengono dai seguenti paesi: Argentina (per quanto riguarda il nato il 17\u00a0novembre 1950, luogo di nascita non accertabile), Cile (anno e luogo di nascita non accertabili), Germania (i nati il 23\u00a0novembre 1897 a L\u2019Aia, l\u201911 dicembre 1911 a Engershausen e il 25 ottobre 1913 a Bad Godesberg), Haiti (il nato l\u20198 maggio 1957,\u00a0luogo di nascita non accertabile), Iraq (anno e luogo di nascita non accertabile), Cambogia (i nati probabilmente il 19\u00a0maggio 1928 nella provincia di Kompong Thom e il 17 novembre 1942 a Kompong Chen), Austria (il nato il 10 gennaio 1912 a\u00a0M\u00fcnzkirchen), Ruanda (i nati nel 1955 con luogo di nascita non accertabile e il 15 agosto 1958 a Gitarama), URSS\/Lituania\u00a0(il nato nel 1908, luogo di nascita non accertabile), USA (i nati nel 1968 a Pittsburgh, il 5 gennaio 1978 a Lorton e l\u20198\u00a0novembre 1982 ad Ashland).<br \/>\nIl fatto che in questa serie non siano rappresentate altre nazionalit\u00e0 \u00e8 dovuto principalmente al budget\u00a0relativamente limitato di questo lavoro. Va inoltre notato che molto probabilmente solo una minima\u00a0parte degli atti criminosi commessi nel mondo \u00e8 documentata in modo paragonabile ed \u00e8 accessibile al\u00a0pubblico.<br \/>\nAl momento in cui hanno commesso atti criminali, gli uomini e le donne avevano un\u2019et\u00e0 che variava dai\u00a021 ai 69 anni.<\/p>\n<h3>Sistemi economici e potenza economica degli stati implicati nei crimini commessi<\/h3>\n<p>Le persone ritratte hanno eseguito i loro atti per conto di stati con diversi sistemi economici. Fra di essi\u00a0ci sono stati industrializzati e a economia prevalentemente agricola (ad esempio per quanto riguarda i nati l\u201911\u00a0dicembre 1911 a Engershausen e il 15 agosto 1958 a Gitarama), stati con economia di mercato, con economia\u00a0statalista\/dirigista, stati con economia pianificata o a sistema amministrativo centralistico (ad esempio per\u00a0quanto riguarda i nati nel 1968 a Pittsburgh, il 25 ottobre 1913 a Bad Godesberg e nel 1908 con luogo di nascita non accertabile)\u00a0e stati che fornivano o ricevevano aiuti allo sviluppo a\/da altri paesi (ad esempio per quanto riguarda i nati il 5\u00a0gennaio 1978 a Lorton e nel 1955 con luogo di nascita non accertabile).<br \/>\n<\/div><\/div><br \/>\n<\/div>\n<div class=\"omsc-accordion\"><br \/>\n<div class=\"omsc-toggle\"><div class=\"omsc-toggle-title\">Tradotto da: Valentina L'Abbate e Niels Betori Diehl, Narratrice: Elettra De Salvo<\/div><div class=\"omsc-toggle-inner\"><\/p>\n<p>Tradotto da: Valentina L&#8217;Abbate, Offenbach\/Main e Niels Betori Diehl, Berlin<\/p>\n<p>Narratrice: Elettra De Salvo<br \/>\nDopo aver terminato il dottorato di ricerca negli studi di germanistica e scienze del teatro, collabora con diverse compagnie teatrali e di danza. Come artista solista, sviluppa progetti propri, come installazioni e lavori in video.<br \/>\nCollabora tra gli altri con Marina Abramovic, Blixa Bargeld, Felix Ruckert, Hermann Kretzschmar, Michael Quast, Jochen Roller, Gustavo Frigerio e Gigi Dall\u2019Aglio.<br \/>\nViene invitata a esibirsi e a organizzare workshop tra l\u2019altro a New York, Tokyo e Melbourne.<br \/>\nRealizza produzioni in collaborazione con la Volksb\u00fchne am Rosa-Luxemburg-Platz, i Sophiensaele e il teatro Hebbel am Ufer, oltre alla Haus der Kulturen der Welt a Berlino; inoltre con il K\u00fcnstlerhaus Mouson, il Theater am Turm, la Schirn Kunsthalle, il Museo di arti applicate di Francoforte, la Documenta IX di Kassel, il Cabaret Voltaire di Zurigo, Kampnagel di Amburgo e con Istituti Italiani di Cultura in tutto il mondo.<br \/>\nNata a Roma, Elettra de Salvo vive e lavora a Berlino e a Francoforte sul Meno.<\/p>\n<div>Per maggiori informazioni: <a class=\"exlink\" href=\"http:\/\/www.elettradesalvo.de\/\" target=\"_blank\" rel=\"noopener\">www.elettradesalvo.de<\/a><\/div>\n<p>Registrato il 26 Febbraio 2012 negli studi della Mixwerk,\u00a0Berlino<br \/>\n\u00a9 Bernd Fischer e Elettra De Salvo.<br \/>\n<\/div><\/div><br \/>\n<div class=\"omsc-toggle\"><div class=\"omsc-toggle-title\">Bernd Fischer<\/div><div class=\"omsc-toggle-inner\"><br \/>\nstudia comunicazione visiva presso la Hochschule f\u00fcr Gestaltung di Offenbach e scultura presso l\u2019Accademia di Belle Arti dello Stato \u2013 St\u00e4delschule di Francoforte sul Meno.<br \/>\nRiceve diverse commissioni, tra l\u2019altro per la creazione e la progettazione di lastre commemorative per le vittime del regime nazista (citt\u00e0 di Francoforte sul Meno, Universit\u00e0 Justus-Liebig di Gie\u00dfen, le scuole Br\u00fcder-Grimm-Schule e Georg-B\u00fcchner-Schule di Francoforte sul Meno). Nel 1980 una sua opera riceve il premio Reinhold-Kurth-Kunstpreis della Cassa di risparmio di Francoforte.<br \/>\nIn qualit\u00e0 di docente si occupa per 15 anni della formazione degli adulti presso la St\u00e4delschule. Le sue opere fanno parte di numerose collezioni, come la Kunstsammlung Chemnitz, e quelle del Landesmuseum Darmstadt (prestito permanente), del Museum f\u00fcr Aktuelle Kunst &#8211; Sammlung Hurrle, del Museum W\u00fcrth, della fondazione Piepenbrock-Kulturstiftung, del Ministero del Lavoro e degli Affari Sociali, del Ministero della Sanit\u00e0 e della Sicurezza Sociale, dell\u2019Accademia della Chiesa Evangelica Arnoldshain\/Taunus, oltre a molte altre collezioni d\u2019arte di aziende e privati.<br \/>\nPer maggiori informazioni: www.fischerkuenstler.de<br \/>\nBernd Fischer lavora come pittore e scultore a Francoforte sul Meno e a Offenbach dal 1982.<\/p>\n<p><\/div><\/div><br \/>\n<\/div>\n","protected":false},"excerpt":{"rendered":"<p>Persone. \u00e8 una serie di ritratti di 18 persone, rappresentate per mezzo di immagini e testi. Tutti gli individui ritratti sono accomunati dall\u2019essere stati condannati per crimini contro l\u2019umanit\u00e0. La &#8230;<\/p>\n","protected":false},"author":1,"featured_media":0,"parent":22,"menu_order":114,"comment_status":"closed","ping_status":"closed","template":"page-menschen.php","meta":{"_acf_changed":false,"footnotes":""},"class_list":["post-3264","page","type-page","status-publish","hentry"],"acf":[],"yoast_head":"<!-- This site is optimized with the Yoast SEO plugin v26.9 - https:\/\/yoast.com\/product\/yoast-seo-wordpress\/ -->\n<title>Biographic notes italian - Bernd Fischer EN<\/title>\n<meta name=\"robots\" content=\"index, follow, max-snippet:-1, max-image-preview:large, max-video-preview:-1\" \/>\n<link rel=\"canonical\" href=\"https:\/\/berndfischer.com\/en\/independent-works\/people-18-portraits\/biographic-notes-italian\/\" \/>\n<meta property=\"og:locale\" content=\"en_GB\" \/>\n<meta property=\"og:type\" content=\"article\" \/>\n<meta property=\"og:title\" content=\"Biographic notes italian - Bernd Fischer EN\" \/>\n<meta property=\"og:description\" content=\"Persone. \u00e8 una serie di ritratti di 18 persone, rappresentate per mezzo di immagini e testi. Tutti gli individui ritratti sono accomunati dall\u2019essere stati condannati per crimini contro l\u2019umanit\u00e0. La ...\" \/>\n<meta property=\"og:url\" content=\"https:\/\/berndfischer.com\/en\/independent-works\/people-18-portraits\/biographic-notes-italian\/\" \/>\n<meta property=\"og:site_name\" content=\"Bernd Fischer EN\" \/>\n<meta property=\"article:modified_time\" content=\"2017-11-30T17:47:38+00:00\" \/>\n<meta property=\"og:image\" content=\"https:\/\/berndfischer.com\/wp-content\/uploads\/2015\/08\/Bernd-Fischer_18-Menschen-Reihe1-Miniaturen-700x456.jpg\" \/>\n<meta name=\"twitter:card\" content=\"summary_large_image\" \/>\n<meta name=\"twitter:label1\" content=\"Estimated reading time\" \/>\n\t<meta name=\"twitter:data1\" content=\"14 minutes\" \/>\n<script type=\"application\/ld+json\" class=\"yoast-schema-graph\">{\"@context\":\"https:\/\/schema.org\",\"@graph\":[{\"@type\":\"WebPage\",\"@id\":\"https:\/\/berndfischer.com\/en\/independent-works\/people-18-portraits\/biographic-notes-italian\/\",\"url\":\"https:\/\/berndfischer.com\/en\/independent-works\/people-18-portraits\/biographic-notes-italian\/\",\"name\":\"Biographic notes italian - Bernd Fischer EN\",\"isPartOf\":{\"@id\":\"https:\/\/berndfischer.com\/en\/#website\"},\"primaryImageOfPage\":{\"@id\":\"https:\/\/berndfischer.com\/en\/independent-works\/people-18-portraits\/biographic-notes-italian\/#primaryimage\"},\"image\":{\"@id\":\"https:\/\/berndfischer.com\/en\/independent-works\/people-18-portraits\/biographic-notes-italian\/#primaryimage\"},\"thumbnailUrl\":\"https:\/\/berndfischer.com\/wp-content\/uploads\/2015\/08\/Bernd-Fischer_18-Menschen-Reihe1-Miniaturen-700x456.jpg\",\"datePublished\":\"2015-08-27T14:22:12+00:00\",\"dateModified\":\"2017-11-30T17:47:38+00:00\",\"breadcrumb\":{\"@id\":\"https:\/\/berndfischer.com\/en\/independent-works\/people-18-portraits\/biographic-notes-italian\/#breadcrumb\"},\"inLanguage\":\"en-GB\",\"potentialAction\":[{\"@type\":\"ReadAction\",\"target\":[\"https:\/\/berndfischer.com\/en\/independent-works\/people-18-portraits\/biographic-notes-italian\/\"]}]},{\"@type\":\"ImageObject\",\"inLanguage\":\"en-GB\",\"@id\":\"https:\/\/berndfischer.com\/en\/independent-works\/people-18-portraits\/biographic-notes-italian\/#primaryimage\",\"url\":\"https:\/\/berndfischer.com\/wp-content\/uploads\/2015\/08\/Bernd-Fischer_18-Menschen-Reihe1-Miniaturen-700x456.jpg\",\"contentUrl\":\"https:\/\/berndfischer.com\/wp-content\/uploads\/2015\/08\/Bernd-Fischer_18-Menschen-Reihe1-Miniaturen-700x456.jpg\"},{\"@type\":\"BreadcrumbList\",\"@id\":\"https:\/\/berndfischer.com\/en\/independent-works\/people-18-portraits\/biographic-notes-italian\/#breadcrumb\",\"itemListElement\":[{\"@type\":\"ListItem\",\"position\":1,\"name\":\"Home\",\"item\":\"https:\/\/berndfischer.com\/en\/\"},{\"@type\":\"ListItem\",\"position\":2,\"name\":\"Independent works\",\"item\":\"https:\/\/berndfischer.com\/en\/independent-works\/\"},{\"@type\":\"ListItem\",\"position\":3,\"name\":\"People, 18 Portraits\",\"item\":\"https:\/\/berndfischer.com\/en\/independent-works\/people-18-portraits\/\"},{\"@type\":\"ListItem\",\"position\":4,\"name\":\"Biographic notes italian\"}]},{\"@type\":\"WebSite\",\"@id\":\"https:\/\/berndfischer.com\/en\/#website\",\"url\":\"https:\/\/berndfischer.com\/en\/\",\"name\":\"Bernd Fischer EN\",\"description\":\"Painted and printed colour\",\"potentialAction\":[{\"@type\":\"SearchAction\",\"target\":{\"@type\":\"EntryPoint\",\"urlTemplate\":\"https:\/\/berndfischer.com\/en\/?s={search_term_string}\"},\"query-input\":{\"@type\":\"PropertyValueSpecification\",\"valueRequired\":true,\"valueName\":\"search_term_string\"}}],\"inLanguage\":\"en-GB\"}]}<\/script>\n<!-- \/ Yoast SEO plugin. -->","yoast_head_json":{"title":"Biographic notes italian - Bernd Fischer EN","robots":{"index":"index","follow":"follow","max-snippet":"max-snippet:-1","max-image-preview":"max-image-preview:large","max-video-preview":"max-video-preview:-1"},"canonical":"https:\/\/berndfischer.com\/en\/independent-works\/people-18-portraits\/biographic-notes-italian\/","og_locale":"en_GB","og_type":"article","og_title":"Biographic notes italian - Bernd Fischer EN","og_description":"Persone. \u00e8 una serie di ritratti di 18 persone, rappresentate per mezzo di immagini e testi. Tutti gli individui ritratti sono accomunati dall\u2019essere stati condannati per crimini contro l\u2019umanit\u00e0. La ...","og_url":"https:\/\/berndfischer.com\/en\/independent-works\/people-18-portraits\/biographic-notes-italian\/","og_site_name":"Bernd Fischer EN","article_modified_time":"2017-11-30T17:47:38+00:00","og_image":[{"url":"https:\/\/berndfischer.com\/wp-content\/uploads\/2015\/08\/Bernd-Fischer_18-Menschen-Reihe1-Miniaturen-700x456.jpg","type":"","width":"","height":""}],"twitter_card":"summary_large_image","twitter_misc":{"Estimated reading time":"14 minutes"},"schema":{"@context":"https:\/\/schema.org","@graph":[{"@type":"WebPage","@id":"https:\/\/berndfischer.com\/en\/independent-works\/people-18-portraits\/biographic-notes-italian\/","url":"https:\/\/berndfischer.com\/en\/independent-works\/people-18-portraits\/biographic-notes-italian\/","name":"Biographic notes italian - Bernd Fischer EN","isPartOf":{"@id":"https:\/\/berndfischer.com\/en\/#website"},"primaryImageOfPage":{"@id":"https:\/\/berndfischer.com\/en\/independent-works\/people-18-portraits\/biographic-notes-italian\/#primaryimage"},"image":{"@id":"https:\/\/berndfischer.com\/en\/independent-works\/people-18-portraits\/biographic-notes-italian\/#primaryimage"},"thumbnailUrl":"https:\/\/berndfischer.com\/wp-content\/uploads\/2015\/08\/Bernd-Fischer_18-Menschen-Reihe1-Miniaturen-700x456.jpg","datePublished":"2015-08-27T14:22:12+00:00","dateModified":"2017-11-30T17:47:38+00:00","breadcrumb":{"@id":"https:\/\/berndfischer.com\/en\/independent-works\/people-18-portraits\/biographic-notes-italian\/#breadcrumb"},"inLanguage":"en-GB","potentialAction":[{"@type":"ReadAction","target":["https:\/\/berndfischer.com\/en\/independent-works\/people-18-portraits\/biographic-notes-italian\/"]}]},{"@type":"ImageObject","inLanguage":"en-GB","@id":"https:\/\/berndfischer.com\/en\/independent-works\/people-18-portraits\/biographic-notes-italian\/#primaryimage","url":"https:\/\/berndfischer.com\/wp-content\/uploads\/2015\/08\/Bernd-Fischer_18-Menschen-Reihe1-Miniaturen-700x456.jpg","contentUrl":"https:\/\/berndfischer.com\/wp-content\/uploads\/2015\/08\/Bernd-Fischer_18-Menschen-Reihe1-Miniaturen-700x456.jpg"},{"@type":"BreadcrumbList","@id":"https:\/\/berndfischer.com\/en\/independent-works\/people-18-portraits\/biographic-notes-italian\/#breadcrumb","itemListElement":[{"@type":"ListItem","position":1,"name":"Home","item":"https:\/\/berndfischer.com\/en\/"},{"@type":"ListItem","position":2,"name":"Independent works","item":"https:\/\/berndfischer.com\/en\/independent-works\/"},{"@type":"ListItem","position":3,"name":"People, 18 Portraits","item":"https:\/\/berndfischer.com\/en\/independent-works\/people-18-portraits\/"},{"@type":"ListItem","position":4,"name":"Biographic notes italian"}]},{"@type":"WebSite","@id":"https:\/\/berndfischer.com\/en\/#website","url":"https:\/\/berndfischer.com\/en\/","name":"Bernd Fischer EN","description":"Painted and printed colour","potentialAction":[{"@type":"SearchAction","target":{"@type":"EntryPoint","urlTemplate":"https:\/\/berndfischer.com\/en\/?s={search_term_string}"},"query-input":{"@type":"PropertyValueSpecification","valueRequired":true,"valueName":"search_term_string"}}],"inLanguage":"en-GB"}]}},"_links":{"self":[{"href":"https:\/\/berndfischer.com\/en\/wp-json\/wp\/v2\/pages\/3264","targetHints":{"allow":["GET"]}}],"collection":[{"href":"https:\/\/berndfischer.com\/en\/wp-json\/wp\/v2\/pages"}],"about":[{"href":"https:\/\/berndfischer.com\/en\/wp-json\/wp\/v2\/types\/page"}],"author":[{"embeddable":true,"href":"https:\/\/berndfischer.com\/en\/wp-json\/wp\/v2\/users\/1"}],"replies":[{"embeddable":true,"href":"https:\/\/berndfischer.com\/en\/wp-json\/wp\/v2\/comments?post=3264"}],"version-history":[{"count":3,"href":"https:\/\/berndfischer.com\/en\/wp-json\/wp\/v2\/pages\/3264\/revisions"}],"predecessor-version":[{"id":5060,"href":"https:\/\/berndfischer.com\/en\/wp-json\/wp\/v2\/pages\/3264\/revisions\/5060"}],"up":[{"embeddable":true,"href":"https:\/\/berndfischer.com\/en\/wp-json\/wp\/v2\/pages\/22"}],"wp:attachment":[{"href":"https:\/\/berndfischer.com\/en\/wp-json\/wp\/v2\/media?parent=3264"}],"curies":[{"name":"wp","href":"https:\/\/api.w.org\/{rel}","templated":true}]}}